{"id":874,"date":"2026-07-17T13:46:58","date_gmt":"2026-07-17T11:46:58","guid":{"rendered":"https:\/\/mosterei-fabelsaft.de\/?page_id=874"},"modified":"2026-08-22T18:19:02","modified_gmt":"2026-08-22T16:19:02","slug":"startseite-neu","status":"publish","type":"page","link":"https:\/\/mosterei-fabelsaft.de\/","title":{"rendered":""},"content":{"rendered":"\n<figure class=\"wp-block-video\"><video height=\"1080\" style=\"aspect-ratio: 1920 \/ 1080;\" width=\"1920\" controls src=\"https:\/\/mosterei-fabelsaft.de\/wp-content\/uploads\/2019\/09\/Mosterei-Fabelsaft.mp4\"><\/video><\/figure>\n\n\n\n<h1 class=\"wp-block-heading has-text-align-center\"><strong>Dein Obst. Dein Saft. Dein Geschmack.<\/strong><\/h1>\n\n\n\n<p class=\"has-text-align-center wp-block-paragraph\">Wir sind eine familiengef\u00fchrte Lohnmosterei in Worpswede. Unsere Leidenschaft gilt dem Streuobst, der handwerklichen Verarbeitung und dem Erhalt regionaler Vielfalt.<\/p>\n\n\n\n<p class=\"has-text-align-center wp-block-paragraph\">Buche deinen <strong>Termin <\/strong>einfach<strong> online<\/strong> !<\/p>\n\n\n\n<p class=\"has-text-align-center wp-block-paragraph\" style=\"font-size:28px\"><a href=\"https:\/\/outlook.office.com\/book\/TerminbeiderMostereiFabelstKopie@MostereiFabelsaft.onmicrosoft.com\/?ismsaljsauthenabled\" data-type=\"page\" data-id=\"1653\" target=\"_blank\" rel=\"noreferrer noopener\"><mark style=\"background-color:#cf2e2e\" class=\"has-inline-color has-white-color\">Jetzt Termin buchen<\/mark><\/a><\/p>\n\n\n\n<h1 class=\"wp-block-heading has-text-align-center\"><strong>\u00d6ffnungszeiten<\/strong><\/h1>\n\n\n\n<p class=\"has-text-align-center wp-block-paragraph\">\ud83d\udcc5 September und Oktober Mosttermine k\u00f6nnen ab jetzt gebucht werden.<\/p>\n\n\n\n<p class=\"has-text-align-center wp-block-paragraph\">\ud83d\udcc5 23.08, 30.08.2026 und am 03.09 von 10.00 &#8211; 15.00 Uhr gehts loos!<\/p>\n\n\n\n<p class=\"has-text-align-center wp-block-paragraph\">Ohne Termine im August &#8211; lockeres Anmosten.<\/p>\n\n\n\n<figure class=\"wp-block-image size-large\"><img loading=\"lazy\" decoding=\"async\" width=\"1024\" height=\"768\" src=\"https:\/\/mosterei-fabelsaft.de\/wp-content\/uploads\/2023\/09\/1000042196-1024x768.jpg\" alt=\"\" class=\"wp-image-1074\" srcset=\"https:\/\/mosterei-fabelsaft.de\/wp-content\/uploads\/2023\/09\/1000042196-1024x768.jpg 1024w, https:\/\/mosterei-fabelsaft.de\/wp-content\/uploads\/2023\/09\/1000042196-300x225.jpg 300w, https:\/\/mosterei-fabelsaft.de\/wp-content\/uploads\/2023\/09\/1000042196-768x576.jpg 768w, https:\/\/mosterei-fabelsaft.de\/wp-content\/uploads\/2023\/09\/1000042196-1536x1152.jpg 1536w, https:\/\/mosterei-fabelsaft.de\/wp-content\/uploads\/2023\/09\/1000042196-600x450.jpg 600w, https:\/\/mosterei-fabelsaft.de\/wp-content\/uploads\/2023\/09\/1000042196.jpg 1920w\" sizes=\"auto, (max-width: 1024px) 100vw, 1024px\" \/><\/figure>\n\n\n\n<p class=\"has-text-align-center wp-block-paragraph\">\ud83c\udf4e\ud83c\udf50\ud83c\udf4b Wir produzieren&nbsp;<strong>Saft ausschlie\u00dflich aus deinem eigenen Obst<\/strong>, bring uns einfach deine \u00c4pfel, Birnen und Quitten, wir sortieren, reinigen, pressen, erhitzen und f\u00fcllen das Obst dann in 1l Flaschen. Der&nbsp;<strong>Saft h\u00e4lt mindestens zwei Jahre<\/strong>.<\/p>\n\n\n\n<h2 class=\"wp-block-heading has-text-align-center\">\ud83d\udcb0<strong>Preisliste<\/strong> f\u00fcr unsere Arbeit :<\/h2>\n\n\n\n<ul class=\"wp-block-list\">\n<li><strong>1,40\u20ac<\/strong> pro Liter <strong>bei<\/strong> <strong>50<\/strong> <strong>&#8211; 200l<\/strong> (der Normalo)<\/li>\n\n\n\n<li><strong>1,20\u20ac&nbsp; <\/strong>pro Liter<strong> ab 200l<\/strong> (fette Beute)<\/li>\n\n\n\n<li><strong>1,60\u20ac <\/strong>pro Liter <strong>unter<\/strong> <strong>50l<\/strong> (klein aber O&#8217;HO)<\/li>\n\n\n\n<li><strong>1,00\u20ac<\/strong>&nbsp;pro Liter f\u00fcr Kindergartengruppen, Schulklassen &amp; ehrenamtliche Vereine<\/li>\n\n\n\n<li><strong>+ 0,50\u20ac <\/strong>pro Liter bei Quitte<\/li>\n\n\n\n<li>Wer in der Saison \u00f6fter Pressen l\u00e4sst, bekommt ab der zweiten Pressung, beim erreichen der gr\u00f6\u00dferen Menge den geringeren Preis berechnet.<\/li>\n<\/ul>\n\n\n\n<h2 class=\"wp-block-heading has-text-align-center\">\ud83d\udc9a <strong>Solimosten<\/strong> &#8211; damit jeder die M\u00f6glichkeit bekommt, seinen eigenen Fabelsaft zu genie\u00dfen!<\/h2>\n\n\n\n<p class=\"has-text-align-center wp-block-paragraph\">Wir m\u00f6chten, dass jeder die M\u00f6glichkeit hat, sein Obst bei uns mosten zu lassen. Deshalb gew\u00e4hren wir einen <strong>Solidarit\u00e4tsrabatt von 10 % <\/strong>f\u00fcr Menschen, f\u00fcr die unsere Preise aktuell eine finanzielle Belastung darstellen. Der Rabatt gilt auf Vertrauensbasis \u2013 ohne Nachweise oder Erkl\u00e4rungen. Sprecht uns einfach vor dem Abf\u00fcllen eures Safts an.<\/p>\n\n\n\n<p class=\"has-text-align-center wp-block-paragraph\">\ud83c\udf33 Wir bieten dir die M\u00f6glichkeit an, ein Drittel deines ausgereiften Obstes kostenlos f\u00fcr dich zu mosten und behalten daf\u00fcr dein restliches Obst als Lohn ein.<\/p>\n\n\n\n<h2 class=\"wp-block-heading has-text-align-center\">\ud83e\uded9 <strong>Preisliste<\/strong> f\u00fcr die Verpackung des Saftes :<\/h2>\n\n\n\n<ul class=\"wp-block-list\">\n<li><strong>0,50\u20ac<\/strong>&nbsp;Literflasche (kann immer wieder verwendet werden)<\/li>\n\n\n\n<li><strong>0,10\u20ac<\/strong> neuer Deckel (aus rechtlichen Gr\u00fcnden vorgeschrieben)<\/li>\n\n\n\n<li><strong>4\u20ac<\/strong> schwarze 6er Kiste \/ incl. <strong>2\u20ac <\/strong>R\u00fcckkaufpreis<\/li>\n\n\n\n<li><strong>8\u20ac<\/strong> schwarze 24iger Kiste (solange der Vorrat reicht)<\/li>\n<\/ul>\n\n\n\n<h2 class=\"wp-block-heading has-text-align-center\"><strong>\ud83d\udca1Hier sind einige Empfehlungen aus unserer langj\u00e4hrigen Erfahrung, die sich in der Praxis bew\u00e4hrt haben.<\/strong><\/h2>\n\n\n\n<p class=\"has-text-align-center wp-block-paragraph\">\ud83d\udc51 <strong>Qualit\u00e4t vor Quantit\u00e4t<\/strong> : Achte darauf, dass du schmackhaftes, vor allen Dingen reifes Obst anlieferst. Ohne Druckstelle, da diese schnell zu einer Pilzkontamination f\u00fchrt und dein Saft dadurch verdirbt. Wir machen dir einen fantastisch leckeren Fabelsaft, wenn du uns dein bestes Obst anlieferst. Bei\u00df in einen Apfel rein und wenn er dir schmeckt, also ausreichend Aromen und S\u00fc\u00dfe besitzt, dann bring die \u00c4pfel, Birnen etc vorbei.<\/p>\n\n\n\n<p class=\"has-text-align-center wp-block-paragraph\">\ud83c\udf79 Macht eure eigenen <strong>Fabelsaftkreationen ohne Aufpreis<\/strong>. Einfach Gew\u00fcrze wie Zimt, Sternanis, Vanilleschoten oder anderen Geschm\u00e4cker wie z.B. Ingwer-, Kurkuma-, Limetten-, Zitronenscheiben in eure Glasflaschen legen und wir werden den Saft eurer \u00c4pfel in die vorbereiteten Flaschen einf\u00fcllen. Es schmeckt fabelhaft!<\/p>\n\n\n\n<p class=\"has-text-align-center wp-block-paragraph\">\ud83c\udf50 <strong>Quitten<\/strong> verarbeiten wir an unseren Quittentagen ab Oktober. <strong>Quitten unbedingt so lange reifen und liegen lassen wie es geht<\/strong>! Damit aus der Quitte \u00fcberhaupt Saft gepresst werden kann und das einzigartige Aroma gebildet wird. Im Quittensaft bleibt das Pektin erhalten, dieses kann vor dem Verzehr abgesiebt werden.<\/p>\n\n\n\n<p class=\"has-text-align-center wp-block-paragraph\">\ud83e\udd4f Wir verwenden bei jeder Abf\u00fcllung <strong>ausschlie\u00dflich neue Deckel<\/strong> und unsere optimalen Standardflaschen, um einen reibungslosen und effizienten Ablauf sicherzustellen.<\/p>\n\n\n\n<p class=\"has-text-align-center wp-block-paragraph\">\ud83d\udc2e 100% auf Tiernahrung, unsrere ausgepressten \u00c4pfel &#8211; also den Trester verschenken wir. Bei Bedarf einfach melden. Perfektes Essen f\u00fcr Wild, K\u00fche, Schweine und Schaafe.<\/p>\n\n\n\n<p class=\"has-text-align-center wp-block-paragraph\">\ud83c\udfe0 Unser <strong>SB-Hofladen mit unterschiedlichen Saftkreationen und hofeigenen Honig ist jeden Tag 24 Stunden<\/strong> f\u00fcr dich ge\u00f6ffnet.&nbsp;<\/p>\n\n\n\n<h2 class=\"wp-block-heading has-text-align-center\">\ud83c\udf40 Habt <strong>viel Spa\u00df<\/strong> in unserer fabelhaften Saftmanufaktur und sch\u00f6ne <strong>Gr\u00fc\u00dfe aus Worpswede<\/strong>.<\/h2>\n\n\n\n<p class=\"has-text-align-center wp-block-paragraph\">\u2753\ufe0f\u2753\ufe0f\u2753\ufe0f <strong>H\u00e4ufig gestellte Fragen<\/strong> \u2753\ufe0f\u2753\ufe0f\u2753\ufe0f<\/p>\n\n\n\n<p class=\"has-text-align-center wp-block-paragraph\">1\ufe0f\u20e3Flaschen 2\ufe0f\u20e3Kisten 3\ufe0f\u20e3Trub<\/p>\n\n\n\n<p class=\"has-text-align-center wp-block-paragraph\">1\ufe0f\u20e3 <strong>Wie viele Flaschen muss ich f\u00fcr mein Obst mitbringen?<\/strong><\/p>\n\n\n\n<p class=\"has-text-align-center wp-block-paragraph\">Aus&nbsp;<strong>10kg Obst<\/strong>&nbsp;pressen wir ca.&nbsp;<strong>6l Saft<\/strong>. Bringe lieber ein paar Flaschen mehr als zu wenig mit.<\/p>\n\n\n\n<p class=\"has-text-align-center wp-block-paragraph\"><strong>Wohin mit meinen leeren Flaschen?<\/strong><\/p>\n\n\n\n<p class=\"has-text-align-center wp-block-paragraph\">Wenn du Flaschen bei uns kaufst, sind es deine&nbsp;<strong>Eigentumsflaschen<\/strong>. Wir bef\u00fcllen sie dir gerne jedes Jahr aufs Neue. Wenn du sie nicht mehr ben\u00f6tigst, kannst du sie uns schenken, damit sie industriell gewaschen und wiederverwendet werden, an Bekannte weitergeben oder entsorgen.<\/p>\n\n\n\n<p class=\"has-text-align-center wp-block-paragraph\">2\ufe0f\u20e3 <strong>Wohin mit den Kisten?<\/strong><\/p>\n\n\n\n<p class=\"has-text-align-center wp-block-paragraph\">In der Mostsaison (September\u2013November) k\u00f6nnen Sie Ihre bei uns gekauften Kisten jederzeit w\u00e4hrend unserer \u00d6ffnungszeiten zur\u00fcckgeben.<br>Wir verg\u00fcten Ihnen: 6er Kiste: 2 \u20ac oder 24er Kiste: 4,00 \u20ac<\/p>\n\n\n\n<p class=\"has-text-align-center wp-block-paragraph\">3\ufe0f\u20e3 <strong>Warum ist Trub in der Flasche?<\/strong><\/p>\n\n\n\n<p class=\"has-text-align-center wp-block-paragraph\">Dein Saft ist naturtr\u00fcber Saft \u2013 ein Naturprodukt. Wir filtern den Saft durch verschiedenste Siebe, nichtsdestotrotz dr\u00fcckt einiges an Obst durch unsere T\u00fccher, Siebe und Feinfilter. Bei gut gereiften \u00c4pfeln h\u00e4lt sich der Trub in Ma\u00dfen. Bei weichem Obst wie&nbsp;<strong>Birnen, Trauben oder \u00fcberreifen \u00c4pfeln<\/strong>&nbsp;hat man mehr gesundes p\u00fcriertes Obst \u2013 Trub in der Flasche. Bitte vor dem Verzehr ordentlich Aufsch\u00fctteln oder durch ein Sieb geben.<\/p>\n\n\n\n<figure class=\"wp-block-image size-large\"><img loading=\"lazy\" decoding=\"async\" width=\"768\" height=\"1024\" src=\"https:\/\/mosterei-fabelsaft.de\/wp-content\/uploads\/2024\/09\/IMG-20240917-WA0024-768x1024.jpg\" alt=\"\" class=\"wp-image-1428\" srcset=\"https:\/\/mosterei-fabelsaft.de\/wp-content\/uploads\/2024\/09\/IMG-20240917-WA0024-768x1024.jpg 768w, https:\/\/mosterei-fabelsaft.de\/wp-content\/uploads\/2024\/09\/IMG-20240917-WA0024-225x300.jpg 225w, https:\/\/mosterei-fabelsaft.de\/wp-content\/uploads\/2024\/09\/IMG-20240917-WA0024-1152x1536.jpg 1152w, https:\/\/mosterei-fabelsaft.de\/wp-content\/uploads\/2024\/09\/IMG-20240917-WA0024.jpg 1536w\" sizes=\"auto, (max-width: 768px) 100vw, 768px\" \/><\/figure>\n\n\n\n<h3 class=\"wp-block-heading has-text-align-center\"><strong>Mosterei Fabelsaft<\/strong><\/h3>\n\n\n\n<h3 class=\"wp-block-heading has-text-align-center\">Weyerdeelen 19, 27726 Worpswede<\/h3>\n\n\n\n<p class=\"has-text-align-center wp-block-paragraph\">Fabelhof Worpswede GmbH<\/p>\n\n\n\n<p class=\"has-text-align-center wp-block-paragraph\">Tel: <strong>01623876231<\/strong>&nbsp;&nbsp;(bevorzugt)<\/p>\n\n\n\n<p class=\"has-text-align-center wp-block-paragraph\">Tel: 04792 9539906<\/p>\n\n\n\n<p class=\"has-text-align-center wp-block-paragraph\">Mail: mosterei-fabelsaft@outlook.de<\/p>\n\n\n\n<p class=\"has-text-align-center wp-block-paragraph\"><a href=\"https:\/\/outlook.office.com\/book\/TerminbeiderMostereiFabelstKopie@MostereiFabelsaft.onmicrosoft.com\/?ismsaljsauthenabled\" data-type=\"page\" data-id=\"1653\" target=\"_blank\" rel=\"noreferrer noopener\"><mark style=\"background-color:#cf2e2e\" class=\"has-inline-color has-white-color\">Jetzt Termin buchen<\/mark><\/a><\/p>\n\n\n\n<p class=\"has-text-align-center wp-block-paragraph\">Terminbest\u00e4tigung nicht erhalten?  &#8222;Schau im Spam Ordner&#8220;<\/p>\n\n\n\n<p class=\"has-text-align-left wp-block-paragraph\"><a href=\"https:\/\/mosterei-fabelsaft.de\/?page_id=32\" data-type=\"page\" data-id=\"32\">Impressum<\/a>                               <a href=\"https:\/\/mosterei-fabelsaft.de\/?page_id=6\" data-type=\"page\" data-id=\"6\">Datenschutzerkl\u00e4rung<\/a>                              <a href=\"https:\/\/mosterei-fabelsaft.de\/?page_id=472\" data-type=\"page\" data-id=\"472\">Cookie-Richtlinie (EU)<\/a>    <\/p>\n\n\n\n<p class=\"wp-block-paragraph\"><\/p>\n","protected":false},"excerpt":{"rendered":"<p>Dein Obst. Dein Saft. Dein Geschmack. Wir sind eine familiengef\u00fchrte Lohnmosterei in Worpswede. Unsere Leidenschaft gilt dem Streuobst, der handwerklichen [&hellip;]<\/p>\n","protected":false},"author":5,"featured_media":0,"parent":0,"menu_order":0,"comment_status":"closed","ping_status":"closed","template":"","meta":{"site-sidebar-layout":"default","site-content-layout":"","ast-site-content-layout":"default","site-content-style":"default","site-sidebar-style":"default","ast-global-header-display":"","ast-banner-title-visibility":"","ast-main-header-display":"","ast-hfb-above-header-display":"","ast-hfb-below-header-display":"","ast-hfb-mobile-header-display":"","site-post-title":"","ast-breadcrumbs-content":"","ast-featured-img":"","footer-sml-layout":"","ast-disable-related-posts":"","theme-transparent-header-meta":"","adv-header-id-meta":"","stick-header-meta":"","header-above-stick-meta":"","header-main-stick-meta":"","header-below-stick-meta":"","astra-migrate-meta-layouts":"default","ast-page-background-enabled":"default","ast-page-background-meta":{"desktop":{"background-color":"var(--ast-global-color-5)","background-image":"","background-repeat":"repeat","background-position":"center center","background-size":"auto","background-attachment":"scroll","background-type":"","background-media":"","overlay-type":"","overlay-color":"","overlay-opacity":"","overlay-gradient":""},"tablet":{"background-color":"","background-image":"","background-repeat":"repeat","background-position":"center center","background-size":"auto","background-attachment":"scroll","background-type":"","background-media":"","overlay-type":"","overlay-color":"","overlay-opacity":"","overlay-gradient":""},"mobile":{"background-color":"","background-image":"","background-repeat":"repeat","background-position":"center center","background-size":"auto","background-attachment":"scroll","background-type":"","background-media":"","overlay-type":"","overlay-color":"","overlay-opacity":"","overlay-gradient":""}},"ast-content-background-meta":{"desktop":{"background-color":"var(--ast-global-color-4)","background-image":"","background-repeat":"repeat","background-position":"center center","background-size":"auto","background-attachment":"scroll","background-type":"","background-media":"","overlay-type":"","overlay-color":"","overlay-opacity":"","overlay-gradient":""},"tablet":{"background-color":"var(--ast-global-color-4)","background-image":"","background-repeat":"repeat","background-position":"center center","background-size":"auto","background-attachment":"scroll","background-type":"","background-media":"","overlay-type":"","overlay-color":"","overlay-opacity":"","overlay-gradient":""},"mobile":{"background-color":"var(--ast-global-color-4)","background-image":"","background-repeat":"repeat","background-position":"center center","background-size":"auto","background-attachment":"scroll","background-type":"","background-media":"","overlay-type":"","overlay-color":"","overlay-opacity":"","overlay-gradient":""}},"footnotes":""},"class_list":["post-874","page","type-page","status-publish","hentry"],"_links":{"self":[{"href":"https:\/\/mosterei-fabelsaft.de\/index.php?rest_route=\/wp\/v2\/pages\/874","targetHints":{"allow":["GET"]}}],"collection":[{"href":"https:\/\/mosterei-fabelsaft.de\/index.php?rest_route=\/wp\/v2\/pages"}],"about":[{"href":"https:\/\/mosterei-fabelsaft.de\/index.php?rest_route=\/wp\/v2\/types\/page"}],"author":[{"embeddable":true,"href":"https:\/\/mosterei-fabelsaft.de\/index.php?rest_route=\/wp\/v2\/users\/5"}],"replies":[{"embeddable":true,"href":"https:\/\/mosterei-fabelsaft.de\/index.php?rest_route=%2Fwp%2Fv2%2Fcomments&post=874"}],"version-history":[{"count":228,"href":"https:\/\/mosterei-fabelsaft.de\/index.php?rest_route=\/wp\/v2\/pages\/874\/revisions"}],"predecessor-version":[{"id":1793,"href":"https:\/\/mosterei-fabelsaft.de\/index.php?rest_route=\/wp\/v2\/pages\/874\/revisions\/1793"}],"wp:attachment":[{"href":"https:\/\/mosterei-fabelsaft.de\/index.php?rest_route=%2Fwp%2Fv2%2Fmedia&parent=874"}],"curies":[{"name":"wp","href":"https:\/\/api.w.org\/{rel}","templated":true}]}}